{"version":"1.0","provider_name":"Villa Flores Mart\u00edn","provider_url":"https:\/\/www.villafloresmartin.com\/es","title":"VFM viaja a Menorca para restablecer el suministro el\u00e9ctrico","type":"rich","width":600,"height":338,"html":"<blockquote class=\"wp-embedded-content\" data-secret=\"f9jMn1DtnM\"><a href=\"https:\/\/www.villafloresmartin.com\/es\/grupos-electrogenos-vfm-menorca\/\">Los grupos electr\u00f3genos de VFM viajan a Menorca para restablecer el corte de suministro el\u00e9ctrico<\/a><\/blockquote><iframe sandbox=\"allow-scripts\" security=\"restricted\" src=\"https:\/\/www.villafloresmartin.com\/es\/grupos-electrogenos-vfm-menorca\/embed\/#?secret=f9jMn1DtnM\" width=\"600\" height=\"338\" title=\"\u00abLos grupos electr\u00f3genos de VFM viajan a Menorca para restablecer el corte de suministro el\u00e9ctrico\u00bb \u2014 Villa Flores Mart\u00edn\" data-secret=\"f9jMn1DtnM\" frameborder=\"0\" marginwidth=\"0\" marginheight=\"0\" scrolling=\"no\" class=\"wp-embedded-content\"><\/iframe><script type=\"text\/javascript\">\n\/* <![CDATA[ *\/\n\/*! This file is auto-generated *\/\n!function(d,l){\"use strict\";l.querySelector&&d.addEventListener&&\"undefined\"!=typeof URL&&(d.wp=d.wp||{},d.wp.receiveEmbedMessage||(d.wp.receiveEmbedMessage=function(e){var t=e.data;if((t||t.secret||t.message||t.value)&&!\/[^a-zA-Z0-9]\/.test(t.secret)){for(var s,r,n,a=l.querySelectorAll('iframe[data-secret=\"'+t.secret+'\"]'),o=l.querySelectorAll('blockquote[data-secret=\"'+t.secret+'\"]'),c=new RegExp(\"^https?:$\",\"i\"),i=0;i<o.length;i++)o[i].style.display=\"none\";for(i=0;i<a.length;i++)s=a[i],e.source===s.contentWindow&&(s.removeAttribute(\"style\"),\"height\"===t.message?(1e3<(r=parseInt(t.value,10))?r=1e3:~~r<200&&(r=200),s.height=r):\"link\"===t.message&&(r=new URL(s.getAttribute(\"src\")),n=new URL(t.value),c.test(n.protocol))&&n.host===r.host&&l.activeElement===s&&(d.top.location.href=t.value))}},d.addEventListener(\"message\",d.wp.receiveEmbedMessage,!1),l.addEventListener(\"DOMContentLoaded\",function(){for(var e,t,s=l.querySelectorAll(\"iframe.wp-embedded-content\"),r=0;r<s.length;r++)(t=(e=s[r]).getAttribute(\"data-secret\"))||(t=Math.random().toString(36).substring(2,12),e.src+=\"#?secret=\"+t,e.setAttribute(\"data-secret\",t)),e.contentWindow.postMessage({message:\"ready\",secret:t},\"*\")},!1)))}(window,document);\n\/\/# sourceURL=https:\/\/www.villafloresmartin.com\/es\/wp-includes\/js\/wp-embed.min.js\n\/* ]]> *\/\n<\/script>\n","thumbnail_url":"https:\/\/www.villafloresmartin.com\/es\/wp-content\/uploads\/2018\/11\/0-IMG-20181030-WA0044-e1541748337501.jpeg","thumbnail_width":600,"thumbnail_height":337,"description":"El pasado domingo, 28 de octubre, un tornado dej\u00f3 sin luz a m\u00e1s de 38.000 personas en Menorca. Adem\u00e1s del corte de suministro el\u00e9ctrico, el temporal tambi\u00e9n provoc\u00f3 la ca\u00edda de multitud de \u00e1rboles, as\u00ed como el corte de varias carreteras que conectan los diferentes puntos de la isla balear..."}